{"id":13544,"date":"2025-08-10T15:46:45","date_gmt":"2025-08-10T13:46:45","guid":{"rendered":"https:\/\/fotovol.com\/subventions-et-primes-pour-les-panneaux-solaires-en-catalogne-2025\/"},"modified":"2026-02-16T09:55:28","modified_gmt":"2026-02-16T08:55:28","slug":"panneaux-solaires","status":"publish","type":"page","link":"https:\/\/fotovol.com\/fr\/subventions-pour-lefficacite-energetique\/panneaux-solaires\/","title":{"rendered":"Aides et subventions pour installer des panneaux solaires en Catalogne"},"content":{"rendered":"\t\t<div data-elementor-type=\"wp-page\" data-elementor-id=\"13544\" class=\"elementor elementor-13544 elementor-13540\" data-elementor-post-type=\"page\">\n\t\t\t\t\t\t<section class=\"elementor-section elementor-top-section elementor-element elementor-element-e0c8d4a elementor-section-boxed elementor-section-height-default elementor-section-height-default\" data-id=\"e0c8d4a\" data-element_type=\"section\" data-e-type=\"section\" data-settings=\"{&quot;background_background&quot;:&quot;classic&quot;}\">\n\t\t\t\t\t\t<div class=\"elementor-container elementor-column-gap-default\">\n\t\t\t\t\t<div class=\"elementor-column elementor-col-100 elementor-top-column elementor-element elementor-element-269beca\" data-id=\"269beca\" data-element_type=\"column\" data-e-type=\"column\">\n\t\t\t<div class=\"elementor-widget-wrap elementor-element-populated\">\n\t\t\t\t\t\t<section class=\"elementor-section elementor-inner-section elementor-element elementor-element-909004b elementor-section-boxed elementor-section-height-default elementor-section-height-default\" data-id=\"909004b\" data-element_type=\"section\" data-e-type=\"section\">\n\t\t\t\t\t\t<div class=\"elementor-container elementor-column-gap-default\">\n\t\t\t\t\t<div class=\"elementor-column elementor-col-50 elementor-inner-column elementor-element elementor-element-46dae24\" data-id=\"46dae24\" data-element_type=\"column\" data-e-type=\"column\">\n\t\t\t<div class=\"elementor-widget-wrap elementor-element-populated\">\n\t\t\t\t\t\t<div class=\"elementor-element elementor-element-28ab51c elementor-widget__width-inherit elementor-invisible elementor-widget elementor-widget-text-editor\" data-id=\"28ab51c\" data-element_type=\"widget\" data-e-type=\"widget\" data-settings=\"{&quot;_animation&quot;:&quot;fadeInLeft&quot;}\" data-widget_type=\"text-editor.default\">\n\t\t\t\t<div class=\"elementor-widget-container\">\n\t\t\t\t\t\t\t\t\t<h1 id=\"aides-et-subventions-pour-installer-des-panneaux-solaires-en-catalogne\"><span style=\"text-decoration: underline; text-decoration-color: #FFF000; text-decoration-thickness: 6px; text-decoration-skip-ink: none;\"><span class=\"generatxt\">Aides et subventions pour installer des panneaux solaires en Catalogne<\/span><\/span><\/h1>\t\t\t\t\t\t\t\t<\/div>\n\t\t\t\t<\/div>\n\t\t\t\t\t<\/div>\n\t\t<\/div>\n\t\t\t\t<div class=\"elementor-column elementor-col-50 elementor-inner-column elementor-element elementor-element-244699d\" data-id=\"244699d\" data-element_type=\"column\" data-e-type=\"column\">\n\t\t\t<div class=\"elementor-widget-wrap\">\n\t\t\t\t\t\t\t<\/div>\n\t\t<\/div>\n\t\t\t\t\t<\/div>\n\t\t<\/section>\n\t\t\t\t\t<\/div>\n\t\t<\/div>\n\t\t\t\t\t<\/div>\n\t\t<\/section>\n\t\t\t\t<section class=\"elementor-section elementor-top-section elementor-element elementor-element-6fcc20d elementor-section-full_width elementor-section-height-default elementor-section-height-default\" data-id=\"6fcc20d\" data-element_type=\"section\" data-e-type=\"section\" data-settings=\"{&quot;background_background&quot;:&quot;classic&quot;,&quot;background_motion_fx_motion_fx_scrolling&quot;:&quot;yes&quot;,&quot;background_motion_fx_translateY_effect&quot;:&quot;yes&quot;,&quot;background_motion_fx_translateY_speed&quot;:{&quot;unit&quot;:&quot;px&quot;,&quot;size&quot;:8.4,&quot;sizes&quot;:[]},&quot;background_motion_fx_translateY_affectedRange&quot;:{&quot;unit&quot;:&quot;%&quot;,&quot;size&quot;:&quot;&quot;,&quot;sizes&quot;:{&quot;start&quot;:0,&quot;end&quot;:100}},&quot;background_motion_fx_devices&quot;:[&quot;desktop&quot;,&quot;tablet&quot;,&quot;mobile&quot;]}\">\n\t\t\t\t\t\t<div class=\"elementor-container elementor-column-gap-default\">\n\t\t\t\t\t<div class=\"elementor-column elementor-col-100 elementor-top-column elementor-element elementor-element-35ebe95\" data-id=\"35ebe95\" data-element_type=\"column\" data-e-type=\"column\">\n\t\t\t<div class=\"elementor-widget-wrap elementor-element-populated\">\n\t\t\t\t\t\t<div class=\"elementor-element elementor-element-c35929e elementor-widget elementor-widget-spacer\" data-id=\"c35929e\" data-element_type=\"widget\" data-e-type=\"widget\" data-widget_type=\"spacer.default\">\n\t\t\t\t<div class=\"elementor-widget-container\">\n\t\t\t\t\t\t\t<div class=\"elementor-spacer\">\n\t\t\t<div class=\"elementor-spacer-inner\"><\/div>\n\t\t<\/div>\n\t\t\t\t\t\t<\/div>\n\t\t\t\t<\/div>\n\t\t\t\t\t<\/div>\n\t\t<\/div>\n\t\t\t\t\t<\/div>\n\t\t<\/section>\n\t\t\t\t<section class=\"elementor-section elementor-top-section elementor-element elementor-element-8e2c202 elementor-section-boxed elementor-section-height-default elementor-section-height-default\" data-id=\"8e2c202\" data-element_type=\"section\" data-e-type=\"section\" data-settings=\"{&quot;background_background&quot;:&quot;classic&quot;}\">\n\t\t\t\t\t\t<div class=\"elementor-container elementor-column-gap-default\">\n\t\t\t\t\t<div class=\"elementor-column elementor-col-100 elementor-top-column elementor-element elementor-element-ff108a9\" data-id=\"ff108a9\" data-element_type=\"column\" data-e-type=\"column\" data-settings=\"{&quot;background_background&quot;:&quot;classic&quot;}\">\n\t\t\t<div class=\"elementor-widget-wrap elementor-element-populated\">\n\t\t\t\t\t\t<section class=\"elementor-section elementor-inner-section elementor-element elementor-element-33449a0 elementor-section-boxed elementor-section-height-default elementor-section-height-default\" data-id=\"33449a0\" data-element_type=\"section\" data-e-type=\"section\">\n\t\t\t\t\t\t<div class=\"elementor-container elementor-column-gap-default\">\n\t\t\t\t\t<div class=\"elementor-column elementor-col-33 elementor-inner-column elementor-element elementor-element-aa9489a\" data-id=\"aa9489a\" data-element_type=\"column\" data-e-type=\"column\">\n\t\t\t<div class=\"elementor-widget-wrap\">\n\t\t\t\t\t\t\t<\/div>\n\t\t<\/div>\n\t\t\t\t<div class=\"elementor-column elementor-col-33 elementor-inner-column elementor-element elementor-element-4ef974a\" data-id=\"4ef974a\" data-element_type=\"column\" data-e-type=\"column\">\n\t\t\t<div class=\"elementor-widget-wrap elementor-element-populated\">\n\t\t\t\t\t\t<div class=\"elementor-element elementor-element-b67cfbb elementor-invisible elementor-widget elementor-widget-text-editor\" data-id=\"b67cfbb\" data-element_type=\"widget\" data-e-type=\"widget\" data-settings=\"{&quot;_animation&quot;:&quot;fadeIn&quot;}\" data-widget_type=\"text-editor.default\">\n\t\t\t\t<div class=\"elementor-widget-container\">\n\t\t\t\t\t\t\t\t\t<p>L\u2019installation de panneaux solaires en Catalogne poursuit sa croissance gr\u00e2ce \u00e0 un ensemble d\u2019aides, subventions, exon\u00e9rations fiscales et incitations destin\u00e9es aux <strong>particuliers, aux entreprises et aux copropri\u00e9t\u00e9s<\/strong>.<\/p><p>En 2026, il <strong>est possible de b\u00e9n\u00e9ficier d\u2019aides r\u00e9gionales, nationales et municipales, soumises \u00e0 des appels officiels et aux r\u00e9glementations locales<\/strong>, permettant de r\u00e9duire consid\u00e9rablement le co\u00fbt d\u2019une installation photovolta\u00efque.<\/p><p>En tant qu\u2019entreprise d\u2019ing\u00e9nierie photovolta\u00efque EPC, Fotovol accompagne ses clients \u00e0 chaque \u00e9tape technique et administrative du projet.<\/p>\t\t\t\t\t\t\t\t<\/div>\n\t\t\t\t<\/div>\n\t\t\t\t<div class=\"elementor-element elementor-element-5dbf3b7 elementor-toc--minimized-on-tablet elementor-widget elementor-widget-table-of-contents\" data-id=\"5dbf3b7\" data-element_type=\"widget\" data-e-type=\"widget\" data-settings=\"{&quot;headings_by_tags&quot;:[&quot;h2&quot;,&quot;h3&quot;],&quot;exclude_headings_by_selector&quot;:[],&quot;no_headings_message&quot;:&quot;No se ha encontrado ning\\u00fan encabezado en esta p\\u00e1gina.&quot;,&quot;marker_view&quot;:&quot;numbers&quot;,&quot;minimize_box&quot;:&quot;yes&quot;,&quot;minimized_on&quot;:&quot;tablet&quot;,&quot;hierarchical_view&quot;:&quot;yes&quot;,&quot;min_height&quot;:{&quot;unit&quot;:&quot;px&quot;,&quot;size&quot;:&quot;&quot;,&quot;sizes&quot;:[]},&quot;min_height_tablet&quot;:{&quot;unit&quot;:&quot;px&quot;,&quot;size&quot;:&quot;&quot;,&quot;sizes&quot;:[]},&quot;min_height_mobile&quot;:{&quot;unit&quot;:&quot;px&quot;,&quot;size&quot;:&quot;&quot;,&quot;sizes&quot;:[]}}\" data-widget_type=\"table-of-contents.default\">\n\t\t\t\t<div class=\"elementor-widget-container\">\n\t\t\t\t\t\t\t\t\t<div class=\"elementor-toc__header\">\n\t\t\t\t\t\t<div class=\"elementor-toc__header-title\">\n\t\t\t\tTabla de contenidos\t\t\t<\/div>\n\t\t\t\t\t\t\t\t\t\t<div class=\"elementor-toc__toggle-button elementor-toc__toggle-button--expand\" role=\"button\" tabindex=\"0\" aria-controls=\"elementor-toc__5dbf3b7\" aria-expanded=\"true\" aria-label=\"Ouvrir la table des mati\u00e8res\"><i aria-hidden=\"true\" class=\"fas fa-chevron-down\"><\/i><\/div>\n\t\t\t\t<div class=\"elementor-toc__toggle-button elementor-toc__toggle-button--collapse\" role=\"button\" tabindex=\"0\" aria-controls=\"elementor-toc__5dbf3b7\" aria-expanded=\"true\" aria-label=\"Fermer la table des mati\u00e8res\"><i aria-hidden=\"true\" class=\"fas fa-chevron-up\"><\/i><\/div>\n\t\t\t\t\t<\/div>\n\t\t\t\t<div id=\"elementor-toc__5dbf3b7\" class=\"elementor-toc__body\">\n\t\t\t<div class=\"elementor-toc__spinner-container\">\n\t\t\t\t<i class=\"elementor-toc__spinner eicon-animation-spin eicon-loading\" aria-hidden=\"true\"><\/i>\t\t\t<\/div>\n\t\t<\/div>\n\t\t\t\t\t\t<\/div>\n\t\t\t\t<\/div>\n\t\t\t\t<div class=\"elementor-element elementor-element-92525c5 elementor-widget elementor-widget-heading\" data-id=\"92525c5\" data-element_type=\"widget\" data-e-type=\"widget\" data-widget_type=\"heading.default\">\n\t\t\t\t<div class=\"elementor-widget-container\">\n\t\t\t\t\t<h2 class=\"elementor-heading-title elementor-size-default\" id=\"aides-regionales-et-nationales-pour-les-panneaux-solaires-en-catalogne\">Aides r\u00e9gionales et nationales pour les panneaux solaires en Catalogne<\/h2>\t\t\t\t<\/div>\n\t\t\t\t<\/div>\n\t\t\t\t<div class=\"elementor-element elementor-element-c74ad44 elementor-invisible elementor-widget elementor-widget-text-editor\" data-id=\"c74ad44\" data-element_type=\"widget\" data-e-type=\"widget\" data-settings=\"{&quot;_animation&quot;:&quot;fadeIn&quot;}\" data-widget_type=\"text-editor.default\">\n\t\t\t\t<div class=\"elementor-widget-container\">\n\t\t\t\t\t\t\t\t\t<p>Les aides pour l\u2019installation de panneaux solaires en Catalogne sont <strong>encadr\u00e9es par des organismes r\u00e9gionaux et nationaux et incluent des programmes d\u2019origine europ\u00e9enne<\/strong> ax\u00e9s sur l\u2019autoconsommation, l\u2019efficacit\u00e9 \u00e9nerg\u00e9tique et la d\u00e9carbonation.<\/p><p>Ces aides<strong> peuvent varier selon le type d\u2019installation, la puissance install\u00e9e, l\u2019usage du b\u00e2timent et le programme en vigueur<\/strong> au moment de la demande.<\/p>\t\t\t\t\t\t\t\t<\/div>\n\t\t\t\t<\/div>\n\t\t\t\t<div class=\"elementor-element elementor-element-f34d4b3 elementor-widget elementor-widget-heading\" data-id=\"f34d4b3\" data-element_type=\"widget\" data-e-type=\"widget\" data-widget_type=\"heading.default\">\n\t\t\t\t<div class=\"elementor-widget-container\">\n\t\t\t\t\t<h3 class=\"elementor-heading-title elementor-size-default\" id=\"fonds-next-generation-autoconsommation-et-stockage\">Fonds Next Generation (autoconsommation et stockage)<\/h3>\t\t\t\t<\/div>\n\t\t\t\t<\/div>\n\t\t\t\t<div class=\"elementor-element elementor-element-3ba5821 elementor-invisible elementor-widget elementor-widget-text-editor\" data-id=\"3ba5821\" data-element_type=\"widget\" data-e-type=\"widget\" data-settings=\"{&quot;_animation&quot;:&quot;fadeIn&quot;}\" data-widget_type=\"text-editor.default\">\n\t\t\t\t<div class=\"elementor-widget-container\">\n\t\t\t\t\t\t\t\t\t<p>Les fonds europ\u00e9ens Next Generation ont \u00e9t\u00e9 l\u2019un des principaux moteurs du d\u00e9veloppement de l\u2019autoconsommation photovolta\u00efque en Catalogne. Selon les appels \u00e0 projets, ces aides peuvent concerner :<\/p><ul><li>L\u2019installation de panneaux solaires pour les logements r\u00e9sidentiels<\/li><li>L\u2019installation de panneaux solaires pour les entreprises<\/li><li>Les syst\u00e8mes de stockage d\u2019\u00e9nergie (batteries)<\/li><li>Les installations d\u2019autoconsommation collective<\/li><li>Les projets d\u2019efficacit\u00e9 \u00e9nerg\u00e9tique<\/li><\/ul><p>En 2026, les dispositifs peuvent \u00eatre r\u00e9activ\u00e9s ou modifi\u00e9s. Il est donc recommand\u00e9 de disposer d\u2019un projet technique pr\u00eat afin de pouvoir d\u00e9poser la demande d\u00e8s l\u2019ouverture d\u2019un nouvel appel.<\/p>\t\t\t\t\t\t\t\t<\/div>\n\t\t\t\t<\/div>\n\t\t\t\t<div class=\"elementor-element elementor-element-937018d elementor-widget elementor-widget-heading\" data-id=\"937018d\" data-element_type=\"widget\" data-e-type=\"widget\" data-widget_type=\"heading.default\">\n\t\t\t\t<div class=\"elementor-widget-container\">\n\t\t\t\t\t<h3 class=\"elementor-heading-title elementor-size-default\" id=\"deduction-fiscale-sur-limpot-sur-le-revenu-pour-lefficacite-energetique\">D\u00e9duction fiscale sur l\u2019imp\u00f4t sur le revenu pour l\u2019efficacit\u00e9 \u00e9nerg\u00e9tique<\/h3>\t\t\t\t<\/div>\n\t\t\t\t<\/div>\n\t\t\t\t<div class=\"elementor-element elementor-element-8c7c285 elementor-invisible elementor-widget elementor-widget-text-editor\" data-id=\"8c7c285\" data-element_type=\"widget\" data-e-type=\"widget\" data-settings=\"{&quot;_animation&quot;:&quot;fadeIn&quot;}\" data-widget_type=\"text-editor.default\">\n\t\t\t\t<div class=\"elementor-widget-container\">\n\t\t\t\t\t\t\t\t\t<p>La d\u00e9duction sur l\u2019imp\u00f4t sur le revenu permet de r\u00e9duire une partie du co\u00fbt de l\u2019installation lorsqu\u2019une am\u00e9lioration de la performance \u00e9nerg\u00e9tique du logement ou une baisse de la consommation est d\u00e9montr\u00e9e.<\/p><p>Points cl\u00e9s :<\/p><ul><li>Applicable \u00e0 la r\u00e9sidence principale<\/li><li>N\u00e9cessite des certificats \u00e9nerg\u00e9tiques avant et apr\u00e8s l\u2019installation<\/li><li>Peut atteindre jusqu\u2019\u00e0 20 % de l\u2019investissement<\/li><li>Compatible avec les aides fiscales locales (taxe fonci\u00e8re, taxe de construction, etc.)<\/li><\/ul>\t\t\t\t\t\t\t\t<\/div>\n\t\t\t\t<\/div>\n\t\t\t\t<div class=\"elementor-element elementor-element-090c926 elementor-widget elementor-widget-heading\" data-id=\"090c926\" data-element_type=\"widget\" data-e-type=\"widget\" data-widget_type=\"heading.default\">\n\t\t\t\t<div class=\"elementor-widget-container\">\n\t\t\t\t\t<h3 class=\"elementor-heading-title elementor-size-default\" id=\"tva-reduite-pour-les-installations-photovoltaiques\">TVA r\u00e9duite pour les installations photovolta\u00efques<\/h3>\t\t\t\t<\/div>\n\t\t\t\t<\/div>\n\t\t\t\t<div class=\"elementor-element elementor-element-5498056 elementor-invisible elementor-widget elementor-widget-text-editor\" data-id=\"5498056\" data-element_type=\"widget\" data-e-type=\"widget\" data-settings=\"{&quot;_animation&quot;:&quot;fadeIn&quot;}\" data-widget_type=\"text-editor.default\">\n\t\t\t\t<div class=\"elementor-widget-container\">\n\t\t\t\t\t\t\t\t\t<p>Dans certains cas, l\u2019installation de panneaux solaires peut b\u00e9n\u00e9ficier d\u2019un t<strong>aux de TVA r\u00e9duit \u00e0 10 %, lorsqu\u2019elle s\u2019inscrit dans un projet de r\u00e9novation ou de r\u00e9habilitation de la r\u00e9sidence principale.<\/strong><\/p><p><strong>Si l\u2019installation est r\u00e9alis\u00e9e de mani\u00e8re ind\u00e9pendante<\/strong>, sans travaux associ\u00e9s, <strong>le taux de TVA standard de 21 % s\u2019applique<\/strong>.<\/p>\t\t\t\t\t\t\t\t<\/div>\n\t\t\t\t<\/div>\n\t\t\t\t<div class=\"elementor-element elementor-element-216d14a elementor-widget elementor-widget-heading\" data-id=\"216d14a\" data-element_type=\"widget\" data-e-type=\"widget\" data-widget_type=\"heading.default\">\n\t\t\t\t<div class=\"elementor-widget-container\">\n\t\t\t\t\t<h2 class=\"elementor-heading-title elementor-size-default\" id=\"avantages-fiscaux-locaux-en-catalogne\">Avantages fiscaux locaux en Catalogne<\/h2>\t\t\t\t<\/div>\n\t\t\t\t<\/div>\n\t\t\t\t<div class=\"elementor-element elementor-element-122a8b9 elementor-invisible elementor-widget elementor-widget-text-editor\" data-id=\"122a8b9\" data-element_type=\"widget\" data-e-type=\"widget\" data-settings=\"{&quot;_animation&quot;:&quot;fadeIn&quot;}\" data-widget_type=\"text-editor.default\">\n\t\t\t\t<div class=\"elementor-widget-container\">\n\t\t\t\t\t\t\t\t\t<p>En compl\u00e9ment des aides r\u00e9gionales et nationales, de nombreuses communes catalanes appliquent des incitations fiscales locales afin de favoriser l\u2019autoconsommation photovolta\u00efque.<\/p>\t\t\t\t\t\t\t\t<\/div>\n\t\t\t\t<\/div>\n\t\t\t\t<div class=\"elementor-element elementor-element-a4bb6a4 elementor-widget elementor-widget-heading\" data-id=\"a4bb6a4\" data-element_type=\"widget\" data-e-type=\"widget\" data-widget_type=\"heading.default\">\n\t\t\t\t<div class=\"elementor-widget-container\">\n\t\t\t\t\t<h3 class=\"elementor-heading-title elementor-size-default\" id=\"reduction-de-la-taxe-fonciere-ibi\">R\u00e9duction de la taxe fonci\u00e8re (IBI)<\/h3>\t\t\t\t<\/div>\n\t\t\t\t<\/div>\n\t\t\t\t<div class=\"elementor-element elementor-element-b99a29d elementor-invisible elementor-widget elementor-widget-text-editor\" data-id=\"b99a29d\" data-element_type=\"widget\" data-e-type=\"widget\" data-settings=\"{&quot;_animation&quot;:&quot;fadeIn&quot;}\" data-widget_type=\"text-editor.default\">\n\t\t\t\t<div class=\"elementor-widget-container\">\n\t\t\t\t\t\t\t\t\t<p>De nombreuses municipalit\u00e9s proposent des <strong>r\u00e9ductions de taxe fonci\u00e8re comprises entre 30 % et 50 %, pour une dur\u00e9e de 3 \u00e0 5<\/strong> ans. Dans certains cas, ce pourcentage peut \u00eatre plus \u00e9lev\u00e9.<\/p>\t\t\t\t\t\t\t\t<\/div>\n\t\t\t\t<\/div>\n\t\t\t\t<div class=\"elementor-element elementor-element-6974ea6 elementor-widget elementor-widget-heading\" data-id=\"6974ea6\" data-element_type=\"widget\" data-e-type=\"widget\" data-widget_type=\"heading.default\">\n\t\t\t\t<div class=\"elementor-widget-container\">\n\t\t\t\t\t<h3 class=\"elementor-heading-title elementor-size-default\" id=\"reduction-de-la-taxe-de-construction-icio\">R\u00e9duction de la taxe de construction (ICIO)<\/h3>\t\t\t\t<\/div>\n\t\t\t\t<\/div>\n\t\t\t\t<div class=\"elementor-element elementor-element-b7054e6 elementor-invisible elementor-widget elementor-widget-text-editor\" data-id=\"b7054e6\" data-element_type=\"widget\" data-e-type=\"widget\" data-settings=\"{&quot;_animation&quot;:&quot;fadeIn&quot;}\" data-widget_type=\"text-editor.default\">\n\t\t\t\t<div class=\"elementor-widget-container\">\n\t\t\t\t\t\t\t\t\t<p>Lors de la demande de permis de construire, plusieurs communes accordent des<strong> r\u00e9ductions de la taxe de construction allant de 50 % \u00e0 95 %,<\/strong> ce qui repr\u00e9sente une \u00e9conomie directe au d\u00e9but du projet.<\/p>\t\t\t\t\t\t\t\t<\/div>\n\t\t\t\t<\/div>\n\t\t\t\t<div class=\"elementor-element elementor-element-fda9e60 elementor-widget elementor-widget-heading\" data-id=\"fda9e60\" data-element_type=\"widget\" data-e-type=\"widget\" data-widget_type=\"heading.default\">\n\t\t\t\t<div class=\"elementor-widget-container\">\n\t\t\t\t\t<h3 class=\"elementor-heading-title elementor-size-default\" id=\"reduction-des-taxes-durbanisme-pour-linstallation-de-panneaux-solaires\">R\u00e9duction des taxes d\u2019urbanisme pour l\u2019installation de panneaux solaires<\/h3>\t\t\t\t<\/div>\n\t\t\t\t<\/div>\n\t\t\t\t<div class=\"elementor-element elementor-element-0b99995 elementor-invisible elementor-widget elementor-widget-text-editor\" data-id=\"0b99995\" data-element_type=\"widget\" data-e-type=\"widget\" data-settings=\"{&quot;_animation&quot;:&quot;fadeIn&quot;}\" data-widget_type=\"text-editor.default\">\n\t\t\t\t<div class=\"elementor-widget-container\">\n\t\t\t\t\t\t\t\t\t<p>Certaines <strong>ordonnances municipales pr\u00e9voient une r\u00e9duction, voire une exon\u00e9ration totale<\/strong>, des taxes d\u2019urbanisme pour les installations photovolta\u00efques en autoconsommation.<\/p><blockquote><p>Important : chaque commune applique ses propres r\u00e8gles fiscales, susceptibles d\u2019\u00e9voluer d\u2019une ann\u00e9e \u00e0 l\u2019autre.<\/p><\/blockquote>\t\t\t\t\t\t\t\t<\/div>\n\t\t\t\t<\/div>\n\t\t\t\t<div class=\"elementor-element elementor-element-1662ff0 elementor-widget elementor-widget-heading\" data-id=\"1662ff0\" data-element_type=\"widget\" data-e-type=\"widget\" data-widget_type=\"heading.default\">\n\t\t\t\t<div class=\"elementor-widget-container\">\n\t\t\t\t\t<h2 class=\"elementor-heading-title elementor-size-default\" id=\"aides-pour-les-entreprises-et-les-pme-en-catalogne\">Aides pour les entreprises et les PME en Catalogne<\/h2>\t\t\t\t<\/div>\n\t\t\t\t<\/div>\n\t\t\t\t<div class=\"elementor-element elementor-element-011078e elementor-invisible elementor-widget elementor-widget-text-editor\" data-id=\"011078e\" data-element_type=\"widget\" data-e-type=\"widget\" data-settings=\"{&quot;_animation&quot;:&quot;fadeIn&quot;}\" data-widget_type=\"text-editor.default\">\n\t\t\t\t<div class=\"elementor-widget-container\">\n\t\t\t\t\t\t\t\t\t<p>Les entreprises et les PME peuvent b\u00e9n\u00e9ficier d\u2019incitations sp\u00e9cifiques visant \u00e0 am\u00e9liorer la rentabilit\u00e9 des installations photovolta\u00efques :<\/p><ul><li>R\u00e9ductions de l\u2019imp\u00f4t sur les activit\u00e9s \u00e9conomiques (IAE)<\/li><li>Amortissement acc\u00e9l\u00e9r\u00e9 ou libre dans le cadre de l\u2019imp\u00f4t sur les soci\u00e9t\u00e9s<\/li><li>Subventions pour les syst\u00e8mes de stockage d\u2019\u00e9nergie<\/li><li>Aides \u00e0 l\u2019autoconsommation collective dans les zones industrielles<\/li><\/ul><p>Ces mesures permettent d\u2019acc\u00e9l\u00e9rer le retour sur investissement et de r\u00e9duire la charge fiscale.<\/p>\t\t\t\t\t\t\t\t<\/div>\n\t\t\t\t<\/div>\n\t\t\t\t<div class=\"elementor-element elementor-element-50ff9dd elementor-widget elementor-widget-heading\" data-id=\"50ff9dd\" data-element_type=\"widget\" data-e-type=\"widget\" data-widget_type=\"heading.default\">\n\t\t\t\t<div class=\"elementor-widget-container\">\n\t\t\t\t\t<h2 class=\"elementor-heading-title elementor-size-default\" id=\"conditions-generales-pour-demander-des-aides-en-catalogne\">Conditions g\u00e9n\u00e9rales pour demander des aides en Catalogne<\/h2>\t\t\t\t<\/div>\n\t\t\t\t<\/div>\n\t\t\t\t<div class=\"elementor-element elementor-element-6a06496 elementor-invisible elementor-widget elementor-widget-text-editor\" data-id=\"6a06496\" data-element_type=\"widget\" data-e-type=\"widget\" data-settings=\"{&quot;_animation&quot;:&quot;fadeIn&quot;}\" data-widget_type=\"text-editor.default\">\n\t\t\t\t<div class=\"elementor-widget-container\">\n\t\t\t\t\t\t\t\t\t<p>Bien que chaque dispositif ait ses propres exigences, les demandes n\u00e9cessitent g\u00e9n\u00e9ralement :<\/p><ul><li>La preuve de propri\u00e9t\u00e9 du bien (r\u00e9sidentiel ou commercial)<\/li><li>Un projet technique ou un rapport d\u2019installation<\/li><li>Des certificats de performance \u00e9nerg\u00e9tique (pour les d\u00e9ductions fiscales)<\/li><li>Un permis de construire ou une d\u00e9claration responsable<\/li><li>Le certificat final d\u2019installation d\u00e9livr\u00e9 par une entreprise agr\u00e9\u00e9e<\/li><li>Les factures et justificatifs de paiement<\/li><\/ul>\t\t\t\t\t\t\t\t<\/div>\n\t\t\t\t<\/div>\n\t\t\t\t<div class=\"elementor-element elementor-element-12e7353 elementor-widget elementor-widget-heading\" data-id=\"12e7353\" data-element_type=\"widget\" data-e-type=\"widget\" data-widget_type=\"heading.default\">\n\t\t\t\t<div class=\"elementor-widget-container\">\n\t\t\t\t\t<h2 class=\"elementor-heading-title elementor-size-default\" id=\"comment-demander-les-aides-et-avantages-fiscaux\">Comment demander les aides et avantages fiscaux<\/h2>\t\t\t\t<\/div>\n\t\t\t\t<\/div>\n\t\t\t\t<div class=\"elementor-element elementor-element-e9f9d2d elementor-invisible elementor-widget elementor-widget-text-editor\" data-id=\"e9f9d2d\" data-element_type=\"widget\" data-e-type=\"widget\" data-settings=\"{&quot;_animation&quot;:&quot;fadeIn&quot;}\" data-widget_type=\"text-editor.default\">\n\t\t\t\t<div class=\"elementor-widget-container\">\n\t\t\t\t\t\t\t\t\t<p>La proc\u00e9dure habituelle comprend :<\/p><ol><li>Une \u00e9tude technique pr\u00e9alable de l\u2019installation<\/li><li>L\u2019analyse des aides disponibles au niveau municipal et r\u00e9gional<\/li><li>La demande des autorisations et r\u00e9ductions fiscales (taxe de construction, taxes d\u2019urbanisme)<\/li><li>La r\u00e9alisation de l\u2019installation<\/li><li>La pr\u00e9sentation des documents n\u00e9cessaires pour les subventions et d\u00e9ductions fiscales<\/li><\/ol><p>En tant qu\u2019entreprise d\u2019ing\u00e9nierie photovolta\u00efque EPC, Fotovol prend en charge l\u2019ensemble du processus technique et administratif, afin d\u2019\u00e9viter erreurs et retards.<\/p>\t\t\t\t\t\t\t\t<\/div>\n\t\t\t\t<\/div>\n\t\t\t\t<div class=\"elementor-element elementor-element-f324b91 elementor-widget elementor-widget-heading\" data-id=\"f324b91\" data-element_type=\"widget\" data-e-type=\"widget\" data-widget_type=\"heading.default\">\n\t\t\t\t<div class=\"elementor-widget-container\">\n\t\t\t\t\t<h2 class=\"elementor-heading-title elementor-size-default\" id=\"exemple-deconomies-reelles-en-catalogne\">Exemple d\u2019\u00e9conomies r\u00e9elles en Catalogne<\/h2>\t\t\t\t<\/div>\n\t\t\t\t<\/div>\n\t\t\t\t<div class=\"elementor-element elementor-element-f481976 elementor-invisible elementor-widget elementor-widget-text-editor\" data-id=\"f481976\" data-element_type=\"widget\" data-e-type=\"widget\" data-settings=\"{&quot;_animation&quot;:&quot;fadeIn&quot;}\" data-widget_type=\"text-editor.default\">\n\t\t\t\t<div class=\"elementor-widget-container\">\n\t\t\t\t\t\t\t\t\t<p>Une maison individuelle avec une installation photovolta\u00efque d\u2019un montant de 7 500 \u20ac peut b\u00e9n\u00e9ficier de :<\/p><ul><li>50 % de r\u00e9duction de la taxe fonci\u00e8re pendant 3 \u00e0 5 ans<\/li><li>R\u00e9duction de la taxe de construction (jusqu\u2019\u00e0 95 %)<\/li><li>R\u00e9duction ou exon\u00e9ration des taxes d\u2019urbanisme<\/li><li>D\u00e9duction fiscale sur l\u2019imp\u00f4t sur le revenu (jusqu\u2019\u00e0 20 %)<\/li><li>\u00c9ventuelles aides Next Generation, selon les appels en vigueur<\/li><\/ul><p>Les \u00e9conomies totales peuvent d\u00e9passer 3 000 \u20ac en aides directes, sans tenir compte de la baisse de la facture d\u2019\u00e9lectricit\u00e9.<\/p>\t\t\t\t\t\t\t\t<\/div>\n\t\t\t\t<\/div>\n\t\t\t\t<div class=\"elementor-element elementor-element-972001e elementor-widget elementor-widget-heading\" data-id=\"972001e\" data-element_type=\"widget\" data-e-type=\"widget\" data-widget_type=\"heading.default\">\n\t\t\t\t<div class=\"elementor-widget-container\">\n\t\t\t\t\t<h2 class=\"elementor-heading-title elementor-size-default\" id=\"aides-par-communes-et-provinces-en-catalogne\">Aides par communes et provinces en Catalogne<\/h2>\t\t\t\t<\/div>\n\t\t\t\t<\/div>\n\t\t\t\t<div class=\"elementor-element elementor-element-dd5621f elementor-invisible elementor-widget elementor-widget-text-editor\" data-id=\"dd5621f\" data-element_type=\"widget\" data-e-type=\"widget\" data-settings=\"{&quot;_animation&quot;:&quot;fadeIn&quot;}\" data-widget_type=\"text-editor.default\">\n\t\t\t\t<div class=\"elementor-widget-container\">\n\t\t\t\t\t\t\t\t\t<p>Les avantages fiscaux d\u00e9pendant des r\u00e8glements municipaux, il est essentiel d\u2019analyser la commune concern\u00e9e avant de lancer le projet.<\/p><p>Nous avons pr\u00e9par\u00e9 des guides locaux par zone afin de fournir une information d\u00e9taill\u00e9e et actualis\u00e9e :<\/p><ul><li><a href=\"https:\/\/fotovol.com\/fr\/subventions-pour-lefficacite-energetique\/panneaux-solaires\/gerone\/\">Aides pour les panneaux solaires \u00e0 G\u00e9rone<\/a><\/li><\/ul>\t\t\t\t\t\t\t\t<\/div>\n\t\t\t\t<\/div>\n\t\t\t\t<div class=\"elementor-element elementor-element-a7c137c elementor-widget elementor-widget-heading\" data-id=\"a7c137c\" data-element_type=\"widget\" data-e-type=\"widget\" data-widget_type=\"heading.default\">\n\t\t\t\t<div class=\"elementor-widget-container\">\n\t\t\t\t\t<h2 class=\"elementor-heading-title elementor-size-default\">Questions fr\u00e9quentes sur les subventions et aides pour les panneaux solaires en Catalogne\n<\/h2>\t\t\t\t<\/div>\n\t\t\t\t<\/div>\n\t\t\t\t<div class=\"elementor-element elementor-element-98e86e0 elementor-widget elementor-widget-toggle\" data-id=\"98e86e0\" data-element_type=\"widget\" data-e-type=\"widget\" data-widget_type=\"toggle.default\">\n\t\t\t\t<div class=\"elementor-widget-container\">\n\t\t\t\t\t\t\t<div class=\"elementor-toggle\">\n\t\t\t\t\t\t\t<div class=\"elementor-toggle-item\">\n\t\t\t\t\t<h3 id=\"elementor-tab-title-1601\" class=\"elementor-tab-title\" data-tab=\"1\" role=\"button\" aria-controls=\"elementor-tab-content-1601\" aria-expanded=\"false\">\n\t\t\t\t\t\t\t\t\t\t\t\t<span class=\"elementor-toggle-icon elementor-toggle-icon-left\" aria-hidden=\"true\">\n\t\t\t\t\t\t\t\t\t\t\t\t\t\t\t<span class=\"elementor-toggle-icon-closed\"><i class=\"fas fa-caret-right\"><\/i><\/span>\n\t\t\t\t\t\t\t\t<span class=\"elementor-toggle-icon-opened\"><i class=\"elementor-toggle-icon-opened fas fa-caret-up\"><\/i><\/span>\n\t\t\t\t\t\t\t\t\t\t\t\t\t<\/span>\n\t\t\t\t\t\t\t\t\t\t\t\t<a class=\"elementor-toggle-title\" tabindex=\"0\">Peut-on cumuler plusieurs aides et avantages fiscaux ?<\/a>\n\t\t\t\t\t<\/h3>\n\n\t\t\t\t\t<div id=\"elementor-tab-content-1601\" class=\"elementor-tab-content elementor-clearfix\" data-tab=\"1\" role=\"region\" aria-labelledby=\"elementor-tab-title-1601\"><p>Dans la majorit\u00e9 des cas, oui. Les avantages fiscaux locaux (taxe fonci\u00e8re, taxe de construction) peuvent g\u00e9n\u00e9ralement \u00eatre cumul\u00e9s avec les d\u00e9ductions fiscales sur le revenu.<\/p><p>Certaines subventions r\u00e9gionales ou europ\u00e9ennes peuvent toutefois comporter des restrictions de cumul selon la r\u00e9glementation en vigueur.<\/p><\/div>\n\t\t\t\t<\/div>\n\t\t\t\t\t\t\t<div class=\"elementor-toggle-item\">\n\t\t\t\t\t<h3 id=\"elementor-tab-title-1602\" class=\"elementor-tab-title\" data-tab=\"2\" role=\"button\" aria-controls=\"elementor-tab-content-1602\" aria-expanded=\"false\">\n\t\t\t\t\t\t\t\t\t\t\t\t<span class=\"elementor-toggle-icon elementor-toggle-icon-left\" aria-hidden=\"true\">\n\t\t\t\t\t\t\t\t\t\t\t\t\t\t\t<span class=\"elementor-toggle-icon-closed\"><i class=\"fas fa-caret-right\"><\/i><\/span>\n\t\t\t\t\t\t\t\t<span class=\"elementor-toggle-icon-opened\"><i class=\"elementor-toggle-icon-opened fas fa-caret-up\"><\/i><\/span>\n\t\t\t\t\t\t\t\t\t\t\t\t\t<\/span>\n\t\t\t\t\t\t\t\t\t\t\t\t<a class=\"elementor-toggle-title\" tabindex=\"0\">Un permis de construire est-il n\u00e9cessaire pour installer des panneaux solaires ?<\/a>\n\t\t\t\t\t<\/h3>\n\n\t\t\t\t\t<div id=\"elementor-tab-content-1602\" class=\"elementor-tab-content elementor-clearfix\" data-tab=\"2\" role=\"region\" aria-labelledby=\"elementor-tab-title-1602\"><p data-start=\"1232\" data-end=\"1400\">Oui. En Catalogne, une autorisation de travaux ou une d\u00e9claration responsable est requise, selon la commune et le type d\u2019installation.<\/p><p data-start=\"1232\" data-end=\"1400\">Dans la plupart des cas, il s\u2019agit de travaux mineurs, mais les r\u00e8gles peuvent varier d\u2019une municipalit\u00e9 \u00e0 l\u2019autre.<\/p><\/div>\n\t\t\t\t<\/div>\n\t\t\t\t\t\t\t<div class=\"elementor-toggle-item\">\n\t\t\t\t\t<h3 id=\"elementor-tab-title-1603\" class=\"elementor-tab-title\" data-tab=\"3\" role=\"button\" aria-controls=\"elementor-tab-content-1603\" aria-expanded=\"false\">\n\t\t\t\t\t\t\t\t\t\t\t\t<span class=\"elementor-toggle-icon elementor-toggle-icon-left\" aria-hidden=\"true\">\n\t\t\t\t\t\t\t\t\t\t\t\t\t\t\t<span class=\"elementor-toggle-icon-closed\"><i class=\"fas fa-caret-right\"><\/i><\/span>\n\t\t\t\t\t\t\t\t<span class=\"elementor-toggle-icon-opened\"><i class=\"elementor-toggle-icon-opened fas fa-caret-up\"><\/i><\/span>\n\t\t\t\t\t\t\t\t\t\t\t\t\t<\/span>\n\t\t\t\t\t\t\t\t\t\t\t\t<a class=\"elementor-toggle-title\" tabindex=\"0\">Quels sont les d\u00e9lais d\u2019obtention des aides ?<\/a>\n\t\t\t\t\t<\/h3>\n\n\t\t\t\t\t<div id=\"elementor-tab-content-1603\" class=\"elementor-tab-content elementor-clearfix\" data-tab=\"3\" role=\"region\" aria-labelledby=\"elementor-tab-title-1603\"><p>Cela d\u00e9pend du type d\u2019aide :<\/p><ul><li>Les avantages fiscaux municipaux sont g\u00e9n\u00e9ralement appliqu\u00e9s rapidement.<\/li><li>Les subventions r\u00e9gionales ou europ\u00e9ennes, notamment celles li\u00e9es aux fonds Next Generation, peuvent n\u00e9cessiter plusieurs mois pour \u00eatre accord\u00e9es et vers\u00e9es.<\/li><\/ul><\/div>\n\t\t\t\t<\/div>\n\t\t\t\t\t\t\t<div class=\"elementor-toggle-item\">\n\t\t\t\t\t<h3 id=\"elementor-tab-title-1604\" class=\"elementor-tab-title\" data-tab=\"4\" role=\"button\" aria-controls=\"elementor-tab-content-1604\" aria-expanded=\"false\">\n\t\t\t\t\t\t\t\t\t\t\t\t<span class=\"elementor-toggle-icon elementor-toggle-icon-left\" aria-hidden=\"true\">\n\t\t\t\t\t\t\t\t\t\t\t\t\t\t\t<span class=\"elementor-toggle-icon-closed\"><i class=\"fas fa-caret-right\"><\/i><\/span>\n\t\t\t\t\t\t\t\t<span class=\"elementor-toggle-icon-opened\"><i class=\"elementor-toggle-icon-opened fas fa-caret-up\"><\/i><\/span>\n\t\t\t\t\t\t\t\t\t\t\t\t\t<\/span>\n\t\t\t\t\t\t\t\t\t\t\t\t<a class=\"elementor-toggle-title\" tabindex=\"0\">Les copropri\u00e9t\u00e9s peuvent-elles b\u00e9n\u00e9ficier de ces aides ?<\/a>\n\t\t\t\t\t<\/h3>\n\n\t\t\t\t\t<div id=\"elementor-tab-content-1604\" class=\"elementor-tab-content elementor-clearfix\" data-tab=\"4\" role=\"region\" aria-labelledby=\"elementor-tab-title-1604\"><p>Oui. Il existe des aides sp\u00e9cifiques pour les copropri\u00e9t\u00e9s et les projets d\u2019autoconsommation collective, tant au niveau r\u00e9gional que municipal.<\/p><p>Dans certains cas, chaque logement participant peut b\u00e9n\u00e9ficier individuellement des aides.<\/p><\/div>\n\t\t\t\t<\/div>\n\t\t\t\t\t\t\t<div class=\"elementor-toggle-item\">\n\t\t\t\t\t<h3 id=\"elementor-tab-title-1605\" class=\"elementor-tab-title\" data-tab=\"5\" role=\"button\" aria-controls=\"elementor-tab-content-1605\" aria-expanded=\"false\">\n\t\t\t\t\t\t\t\t\t\t\t\t<span class=\"elementor-toggle-icon elementor-toggle-icon-left\" aria-hidden=\"true\">\n\t\t\t\t\t\t\t\t\t\t\t\t\t\t\t<span class=\"elementor-toggle-icon-closed\"><i class=\"fas fa-caret-right\"><\/i><\/span>\n\t\t\t\t\t\t\t\t<span class=\"elementor-toggle-icon-opened\"><i class=\"elementor-toggle-icon-opened fas fa-caret-up\"><\/i><\/span>\n\t\t\t\t\t\t\t\t\t\t\t\t\t<\/span>\n\t\t\t\t\t\t\t\t\t\t\t\t<a class=\"elementor-toggle-title\" tabindex=\"0\">Que se passe-t-il si une aide n\u2019est plus disponible ?<\/a>\n\t\t\t\t\t<\/h3>\n\n\t\t\t\t\t<div id=\"elementor-tab-content-1605\" class=\"elementor-tab-content elementor-clearfix\" data-tab=\"5\" role=\"region\" aria-labelledby=\"elementor-tab-title-1605\"><p>M\u00eame si une subvention est temporairement ferm\u00e9e, les avantages fiscaux locaux et les d\u00e9ductions fiscales restent g\u00e9n\u00e9ralement en vigueur.<\/p><p>Disposer d\u2019un projet technique pr\u00eat permet de d\u00e9poser rapidement une demande lors de l\u2019ouverture d\u2019une nouvelle aide.<\/p><\/div>\n\t\t\t\t<\/div>\n\t\t\t\t\t\t\t<div class=\"elementor-toggle-item\">\n\t\t\t\t\t<h3 id=\"elementor-tab-title-1606\" class=\"elementor-tab-title\" data-tab=\"6\" role=\"button\" aria-controls=\"elementor-tab-content-1606\" aria-expanded=\"false\">\n\t\t\t\t\t\t\t\t\t\t\t\t<span class=\"elementor-toggle-icon elementor-toggle-icon-left\" aria-hidden=\"true\">\n\t\t\t\t\t\t\t\t\t\t\t\t\t\t\t<span class=\"elementor-toggle-icon-closed\"><i class=\"fas fa-caret-right\"><\/i><\/span>\n\t\t\t\t\t\t\t\t<span class=\"elementor-toggle-icon-opened\"><i class=\"elementor-toggle-icon-opened fas fa-caret-up\"><\/i><\/span>\n\t\t\t\t\t\t\t\t\t\t\t\t\t<\/span>\n\t\t\t\t\t\t\t\t\t\t\t\t<a class=\"elementor-toggle-title\" tabindex=\"0\">Tous les b\u00e2timents ont-ils acc\u00e8s aux m\u00eames aides ?<\/a>\n\t\t\t\t\t<\/h3>\n\n\t\t\t\t\t<div id=\"elementor-tab-content-1606\" class=\"elementor-tab-content elementor-clearfix\" data-tab=\"6\" role=\"region\" aria-labelledby=\"elementor-tab-title-1606\"><p>Non. L\u2019\u00e9ligibilit\u00e9 d\u00e9pend de plusieurs crit\u00e8res :<\/p><ul><li>Type de b\u00e2timent<\/li><li>Usage (r\u00e9sidentiel, professionnel ou collectif)<\/li><li>Commune<\/li><li>Puissance de l\u2019installation<\/li><li>Programme d\u2019aide en vigueur<\/li><\/ul><p>Une analyse technique et fiscale pr\u00e9alable est donc indispensable.<\/p><\/div>\n\t\t\t\t<\/div>\n\t\t\t\t\t\t\t<div class=\"elementor-toggle-item\">\n\t\t\t\t\t<h3 id=\"elementor-tab-title-1607\" class=\"elementor-tab-title\" data-tab=\"7\" role=\"button\" aria-controls=\"elementor-tab-content-1607\" aria-expanded=\"false\">\n\t\t\t\t\t\t\t\t\t\t\t\t<span class=\"elementor-toggle-icon elementor-toggle-icon-left\" aria-hidden=\"true\">\n\t\t\t\t\t\t\t\t\t\t\t\t\t\t\t<span class=\"elementor-toggle-icon-closed\"><i class=\"fas fa-caret-right\"><\/i><\/span>\n\t\t\t\t\t\t\t\t<span class=\"elementor-toggle-icon-opened\"><i class=\"elementor-toggle-icon-opened fas fa-caret-up\"><\/i><\/span>\n\t\t\t\t\t\t\t\t\t\t\t\t\t<\/span>\n\t\t\t\t\t\t\t\t\t\t\t\t<a class=\"elementor-toggle-title\" tabindex=\"0\">Qui s\u2019occupe des d\u00e9marches administratives ?<\/a>\n\t\t\t\t\t<\/h3>\n\n\t\t\t\t\t<div id=\"elementor-tab-content-1607\" class=\"elementor-tab-content elementor-clearfix\" data-tab=\"7\" role=\"region\" aria-labelledby=\"elementor-tab-title-1607\"><p>En tant qu\u2019entreprise d\u2019ing\u00e9nierie photovolta\u00efque EPC, Fotovol prend en charge l\u2019ensemble du processus technique et administratif, depuis l\u2019\u00e9tude initiale jusqu\u2019\u00e0 la gestion des aides.<\/p><\/div>\n\t\t\t\t<\/div>\n\t\t\t\t\t\t\t\t\t\t<script type=\"application\/ld+json\">{\"@context\":\"https:\\\/\\\/schema.org\",\"@type\":\"FAQPage\",\"mainEntity\":[{\"@type\":\"Question\",\"name\":\"Peut-on cumuler plusieurs aides et avantages fiscaux ?\",\"acceptedAnswer\":{\"@type\":\"Answer\",\"text\":\"<p>Dans la majorit\\u00e9 des cas, oui. Les avantages fiscaux locaux (taxe fonci\\u00e8re, taxe de construction) peuvent g\\u00e9n\\u00e9ralement \\u00eatre cumul\\u00e9s avec les d\\u00e9ductions fiscales sur le revenu.<\\\/p><p>Certaines subventions r\\u00e9gionales ou europ\\u00e9ennes peuvent toutefois comporter des restrictions de cumul selon la r\\u00e9glementation en vigueur.<\\\/p>\"}},{\"@type\":\"Question\",\"name\":\"Un permis de construire est-il n\\u00e9cessaire pour installer des panneaux solaires ?\",\"acceptedAnswer\":{\"@type\":\"Answer\",\"text\":\"<p data-start=\\\"1232\\\" data-end=\\\"1400\\\">Oui. En Catalogne, une autorisation de travaux ou une d\\u00e9claration responsable est requise, selon la commune et le type d\\u2019installation.<\\\/p><p data-start=\\\"1232\\\" data-end=\\\"1400\\\">Dans la plupart des cas, il s\\u2019agit de travaux mineurs, mais les r\\u00e8gles peuvent varier d\\u2019une municipalit\\u00e9 \\u00e0 l\\u2019autre.<\\\/p>\"}},{\"@type\":\"Question\",\"name\":\"Quels sont les d\\u00e9lais d\\u2019obtention des aides ?\",\"acceptedAnswer\":{\"@type\":\"Answer\",\"text\":\"<p>Cela d\\u00e9pend du type d\\u2019aide :<\\\/p><ul><li>Les avantages fiscaux municipaux sont g\\u00e9n\\u00e9ralement appliqu\\u00e9s rapidement.<\\\/li><li>Les subventions r\\u00e9gionales ou europ\\u00e9ennes, notamment celles li\\u00e9es aux fonds Next Generation, peuvent n\\u00e9cessiter plusieurs mois pour \\u00eatre accord\\u00e9es et vers\\u00e9es.<\\\/li><\\\/ul>\"}},{\"@type\":\"Question\",\"name\":\"Les copropri\\u00e9t\\u00e9s peuvent-elles b\\u00e9n\\u00e9ficier de ces aides ?\",\"acceptedAnswer\":{\"@type\":\"Answer\",\"text\":\"<p>Oui. Il existe des aides sp\\u00e9cifiques pour les copropri\\u00e9t\\u00e9s et les projets d\\u2019autoconsommation collective, tant au niveau r\\u00e9gional que municipal.<\\\/p><p>Dans certains cas, chaque logement participant peut b\\u00e9n\\u00e9ficier individuellement des aides.<\\\/p>\"}},{\"@type\":\"Question\",\"name\":\"Que se passe-t-il si une aide n\\u2019est plus disponible ?\",\"acceptedAnswer\":{\"@type\":\"Answer\",\"text\":\"<p>M\\u00eame si une subvention est temporairement ferm\\u00e9e, les avantages fiscaux locaux et les d\\u00e9ductions fiscales restent g\\u00e9n\\u00e9ralement en vigueur.<\\\/p><p>Disposer d\\u2019un projet technique pr\\u00eat permet de d\\u00e9poser rapidement une demande lors de l\\u2019ouverture d\\u2019une nouvelle aide.<\\\/p>\"}},{\"@type\":\"Question\",\"name\":\"Tous les b\\u00e2timents ont-ils acc\\u00e8s aux m\\u00eames aides ?\",\"acceptedAnswer\":{\"@type\":\"Answer\",\"text\":\"<p>Non. L\\u2019\\u00e9ligibilit\\u00e9 d\\u00e9pend de plusieurs crit\\u00e8res :<\\\/p><ul><li>Type de b\\u00e2timent<\\\/li><li>Usage (r\\u00e9sidentiel, professionnel ou collectif)<\\\/li><li>Commune<\\\/li><li>Puissance de l\\u2019installation<\\\/li><li>Programme d\\u2019aide en vigueur<\\\/li><\\\/ul><p>Une analyse technique et fiscale pr\\u00e9alable est donc indispensable.<\\\/p>\"}},{\"@type\":\"Question\",\"name\":\"Qui s\\u2019occupe des d\\u00e9marches administratives ?\",\"acceptedAnswer\":{\"@type\":\"Answer\",\"text\":\"<p>En tant qu\\u2019entreprise d\\u2019ing\\u00e9nierie photovolta\\u00efque EPC, Fotovol prend en charge l\\u2019ensemble du processus technique et administratif, depuis l\\u2019\\u00e9tude initiale jusqu\\u2019\\u00e0 la gestion des aides.<\\\/p>\"}}]}<\/script>\n\t\t\t\t\t<\/div>\n\t\t\t\t\t\t<\/div>\n\t\t\t\t<\/div>\n\t\t\t\t<div class=\"elementor-element elementor-element-74b6e4c elementor-widget elementor-widget-heading\" data-id=\"74b6e4c\" data-element_type=\"widget\" data-e-type=\"widget\" data-widget_type=\"heading.default\">\n\t\t\t\t<div class=\"elementor-widget-container\">\n\t\t\t\t\t<h2 class=\"elementor-heading-title elementor-size-default\">Demandez votre \u00e9tude gratuite\n<\/h2>\t\t\t\t<\/div>\n\t\t\t\t<\/div>\n\t\t\t\t<div class=\"elementor-element elementor-element-8466443 elementor-widget elementor-widget-text-editor\" data-id=\"8466443\" data-element_type=\"widget\" data-e-type=\"widget\" data-widget_type=\"text-editor.default\">\n\t\t\t\t<div class=\"elementor-widget-container\">\n\t\t\t\t\t\t\t\t\t<p>Chez Fotovol, nous vous aidons \u00e0 trouver toutes les subventions disponibles en Catalogne et dans votre commune. Nous r\u00e9alisons l&rsquo;analyse financi\u00e8re, g\u00e9rons les autorisations et prenons en charge le d\u00e9p\u00f4t de vos demandes de subvention.<\/p>\t\t\t\t\t\t\t\t<\/div>\n\t\t\t\t<\/div>\n\t\t\t\t<div class=\"elementor-element elementor-element-cadae2a elementor-button-align-end elementor-widget elementor-widget-form\" data-id=\"cadae2a\" data-element_type=\"widget\" data-e-type=\"widget\" data-settings=\"{&quot;step_next_label&quot;:&quot;Suivant&quot;,&quot;step_previous_label&quot;:&quot;Pr\\u00e9c\\u00e9dent&quot;,&quot;step_icon_shape&quot;:&quot;square&quot;,&quot;button_width&quot;:&quot;100&quot;,&quot;step_type&quot;:&quot;number_text&quot;}\" data-widget_type=\"form.default\">\n\t\t\t\t<div class=\"elementor-widget-container\">\n\t\t\t\t\t\t\t<form class=\"elementor-form\" method=\"post\" name=\"Formulaire fotovol\" aria-label=\"Formulaire fotovol\">\n\t\t\t<input type=\"hidden\" name=\"post_id\" value=\"13544\"\/>\n\t\t\t<input type=\"hidden\" name=\"form_id\" value=\"cadae2a\"\/>\n\t\t\t<input type=\"hidden\" name=\"referer_title\" value=\"\" \/>\n\n\t\t\t\n\t\t\t<div class=\"elementor-form-fields-wrapper elementor-labels-above\">\n\t\t\t\t\t\t\t\t<div class=\"elementor-field-type-text elementor-field-group elementor-column elementor-field-group-email elementor-col-100 elementor-field-required elementor-mark-required\">\n\t\t\t\t\t\t\t\t\t\t\t\t<label for=\"form-field-email\" class=\"elementor-field-label\">\n\t\t\t\t\t\t\t\tNom\t\t\t\t\t\t\t<\/label>\n\t\t\t\t\t\t\t\t\t\t\t\t\t\t<input size=\"1\" type=\"text\" name=\"form_fields[email]\" id=\"form-field-email\" class=\"elementor-field elementor-size-sm  elementor-field-textual\" required=\"required\">\n\t\t\t\t\t\t\t\t\t\t\t<\/div>\n\t\t\t\t\t\t\t\t<div class=\"elementor-field-type-email elementor-field-group elementor-column elementor-field-group-field_c7d4643 elementor-col-100 elementor-field-required elementor-mark-required\">\n\t\t\t\t\t\t\t\t\t\t\t\t<label for=\"form-field-field_c7d4643\" class=\"elementor-field-label\">\n\t\t\t\t\t\t\t\tCourrier \u00e9lectronique\t\t\t\t\t\t\t<\/label>\n\t\t\t\t\t\t\t\t\t\t\t\t\t\t<input size=\"1\" type=\"email\" name=\"form_fields[field_c7d4643]\" id=\"form-field-field_c7d4643\" class=\"elementor-field elementor-size-sm  elementor-field-textual\" required=\"required\">\n\t\t\t\t\t\t\t\t\t\t\t<\/div>\n\t\t\t\t\t\t\t\t<div class=\"elementor-field-type-tel elementor-field-group elementor-column elementor-field-group-field_965165f elementor-col-100 elementor-field-required elementor-mark-required\">\n\t\t\t\t\t\t\t\t\t\t\t\t<label for=\"form-field-field_965165f\" class=\"elementor-field-label\">\n\t\t\t\t\t\t\t\tT\u00e9l\u00e9phone\t\t\t\t\t\t\t<\/label>\n\t\t\t\t\t\t\t\t<input size=\"1\" type=\"tel\" name=\"form_fields[field_965165f]\" id=\"form-field-field_965165f\" class=\"elementor-field elementor-size-sm  elementor-field-textual\" required=\"required\" pattern=\"[0-9()#&amp;+*-=.]+\" title=\"Seuls les caract\u00e8res de num\u00e9ros de t\u00e9l\u00e9phone (#, -, *, etc.) sont accept\u00e9s.\">\n\n\t\t\t\t\t\t<\/div>\n\t\t\t\t\t\t\t\t<div class=\"elementor-field-type-textarea elementor-field-group elementor-column elementor-field-group-message elementor-col-100 elementor-field-required elementor-mark-required\">\n\t\t\t\t\t\t\t\t\t\t\t\t<label for=\"form-field-message\" class=\"elementor-field-label\">\n\t\t\t\t\t\t\t\tMessage\t\t\t\t\t\t\t<\/label>\n\t\t\t\t\t\t<textarea class=\"elementor-field-textual elementor-field  elementor-size-sm\" name=\"form_fields[message]\" id=\"form-field-message\" rows=\"5\" placeholder=\"Je souhaite vous contacter pour obtenir une \u00e9tude \u00e9conomique et \u00e9nerg\u00e9tique gratuite qui me permettra de savoir quel serait le r\u00e9sultat de l&#039;installation d&#039;un syst\u00e8me de production d&#039;\u00e9nergie photovolta\u00efque.\" required=\"required\"><\/textarea>\t\t\t\t<\/div>\n\t\t\t\t\t\t\t\t<div class=\"elementor-field-type-acceptance elementor-field-group elementor-column elementor-field-group-field_d4fd2e3 elementor-col-100 elementor-field-required elementor-mark-required\">\n\t\t\t\t\t\t\t<div class=\"elementor-field-subgroup\">\n\t\t\t<span class=\"elementor-field-option\">\n\t\t\t\t<input type=\"checkbox\" name=\"form_fields[field_d4fd2e3]\" id=\"form-field-field_d4fd2e3\" class=\"elementor-field elementor-size-sm  elementor-acceptance-field\" required=\"required\">\n\t\t\t\t<label for=\"form-field-field_d4fd2e3\">J'autorise l'utilisation de mes donn\u00e9es comme indiqu\u00e9 dans la politique de confidentialit\u00e9.<\/label>\t\t\t<\/span>\n\t\t<\/div>\n\t\t\t\t\t\t<\/div>\n\t\t\t\t\t\t\t\t<div class=\"elementor-field-type-html elementor-field-group elementor-column elementor-field-group-field_0fdf874 elementor-col-100\">\n\t\t\t\t\t<a style=\"color: grey; font-size: 12px;\" href=\"https:\/\/fotovol.com\/politica-de-privacidad\/\">Voir la politique de confidentialit\u00e9<\/a>\t\t\t\t<\/div>\n\t\t\t\t\t\t\t\t<div class=\"elementor-field-type-recaptcha elementor-field-group elementor-column elementor-field-group-field_b6c5a0d elementor-col-100\">\n\t\t\t\t\t<div class=\"elementor-field\" id=\"form-field-field_b6c5a0d\"><div class=\"elementor-g-recaptcha\" data-sitekey=\"6LexbbMqAAAAABKQphlFGI3DbLOB7p9fdG1seZhN\" data-type=\"v2_checkbox\" data-theme=\"light\" data-size=\"normal\"><\/div><\/div>\t\t\t\t<\/div>\n\t\t\t\t\t\t\t\t<div class=\"elementor-field-group elementor-column elementor-field-type-submit elementor-col-100 e-form__buttons\">\n\t\t\t\t\t<button class=\"elementor-button elementor-size-sm elementor-animation-shrink\" type=\"submit\">\n\t\t\t\t\t\t<span class=\"elementor-button-content-wrapper\">\n\t\t\t\t\t\t\t\t\t\t\t\t\t\t\t\t\t\t\t\t\t\t<span class=\"elementor-button-text\">Envoyer<\/span>\n\t\t\t\t\t\t\t\t\t\t\t\t\t<\/span>\n\t\t\t\t\t<\/button>\n\t\t\t\t<\/div>\n\t\t\t<\/div>\n\t\t<\/form>\n\t\t\t\t\t\t<\/div>\n\t\t\t\t<\/div>\n\t\t\t\t\t<\/div>\n\t\t<\/div>\n\t\t\t\t<div class=\"elementor-column elementor-col-33 elementor-inner-column elementor-element elementor-element-2cc5521\" data-id=\"2cc5521\" data-element_type=\"column\" data-e-type=\"column\">\n\t\t\t<div class=\"elementor-widget-wrap\">\n\t\t\t\t\t\t\t<\/div>\n\t\t<\/div>\n\t\t\t\t\t<\/div>\n\t\t<\/section>\n\t\t\t\t\t<\/div>\n\t\t<\/div>\n\t\t\t\t\t<\/div>\n\t\t<\/section>\n\t\t\t\t<\/div>\n\t\t","protected":false},"excerpt":{"rendered":"<p>Aides et subventions pour installer des panneaux solaires en Catalogne L\u2019installation de panneaux solaires en Catalogne poursuit sa croissance gr\u00e2ce \u00e0 un ensemble d\u2019aides, subventions, exon\u00e9rations fiscales et incitations destin\u00e9es aux particuliers, aux entreprises et aux copropri\u00e9t\u00e9s. En 2026, il est possible de b\u00e9n\u00e9ficier d\u2019aides r\u00e9gionales, nationales et municipales, soumises \u00e0 des appels officiels et [&hellip;]<\/p>\n","protected":false},"author":7,"featured_media":0,"parent":13551,"menu_order":9,"comment_status":"closed","ping_status":"closed","template":"","meta":{"_acf_changed":false,"footnotes":""},"class_list":["post-13544","page","type-page","status-publish","hentry"],"acf":[],"_links":{"self":[{"href":"https:\/\/fotovol.com\/fr\/wp-json\/wp\/v2\/pages\/13544","targetHints":{"allow":["GET"]}}],"collection":[{"href":"https:\/\/fotovol.com\/fr\/wp-json\/wp\/v2\/pages"}],"about":[{"href":"https:\/\/fotovol.com\/fr\/wp-json\/wp\/v2\/types\/page"}],"author":[{"embeddable":true,"href":"https:\/\/fotovol.com\/fr\/wp-json\/wp\/v2\/users\/7"}],"replies":[{"embeddable":true,"href":"https:\/\/fotovol.com\/fr\/wp-json\/wp\/v2\/comments?post=13544"}],"version-history":[{"count":3,"href":"https:\/\/fotovol.com\/fr\/wp-json\/wp\/v2\/pages\/13544\/revisions"}],"predecessor-version":[{"id":17358,"href":"https:\/\/fotovol.com\/fr\/wp-json\/wp\/v2\/pages\/13544\/revisions\/17358"}],"up":[{"embeddable":true,"href":"https:\/\/fotovol.com\/fr\/wp-json\/wp\/v2\/pages\/13551"}],"wp:attachment":[{"href":"https:\/\/fotovol.com\/fr\/wp-json\/wp\/v2\/media?parent=13544"}],"curies":[{"name":"wp","href":"https:\/\/api.w.org\/{rel}","templated":true}]}}